{"id":63,"date":"2019-11-26T11:40:51","date_gmt":"2019-11-26T11:40:51","guid":{"rendered":"https:\/\/blulegal.com\/delegowanie-pracownikow-2\/"},"modified":"2024-08-08T07:08:37","modified_gmt":"2024-08-08T07:08:37","slug":"delegowanie-pracownikow-2","status":"publish","type":"page","link":"https:\/\/blulegal.com\/en\/szkolenia\/delegowanie-pracownikow-2\/","title":{"rendered":"Szkolenie z delegowania pracownik\u00f3w"},"content":{"rendered":"\n<div class=\"wp-block-columns has-2-columns image-text-block image-text-block--narrow image-left is-layout-flex wp-container-core-columns-is-layout-9d6595d7 wp-block-columns-is-layout-flex\">\n<div class=\"wp-block-column is-layout-flow wp-block-column-is-layout-flow\">\n<figure class=\"wp-block-image image-text-block__image image-text-block__image--narrow image-left\"><img loading=\"lazy\" decoding=\"async\" width=\"444\" height=\"551\" src=\"https:\/\/blulegal.com\/wp-content\/uploads\/2019\/11\/kontakt-page_top-444x551.jpg\" alt=\"\" class=\"wp-image-223\"\/><\/figure>\n<\/div>\n\n\n\n<div class=\"wp-block-column is-layout-flow wp-block-column-is-layout-flow\">\n<h2 class=\"wp-block-heading image-text-block__title\">Szkolenie<\/h2>\n\n\n\n<p class=\"image-text-block__text\">Po przerwie zapraszamy Pa\u0144stwa na szkolenie w nowej edycji \u201e<strong>Zatrudnienie i delegowanie pracownik\u00f3w  &#8211; zleceniobiorc\u00f3w do&nbsp;Niemiec.<\/strong>\u201c<br>Nowy program szkolenia opracowali\u015bmy w oparciu o nasze do\u015bwiadczenie w prowadzeniu szkole\u0144 dla Pa\u0144stwa z tematyki delegowania oraz doradztwa prawnopodatkowego, kt\u00f3re Kancelaria Prawna BLU dr Katarzyna Styrna \u2013 Bartman \u015bwiadczy na rzecz przedsi\u0119biorc\u00f3w wykonuj\u0105cych us\u0142ugi w obrocie transgranicznym z Niemcami. <\/p>\n<\/div>\n<\/div>\n\n\n\n<div class=\"wp-block-columns has-2-columns image-text-block image-text-block--narrow image-right is-layout-flex wp-container-core-columns-is-layout-9d6595d7 wp-block-columns-is-layout-flex\">\n<div class=\"wp-block-column is-layout-flow wp-block-column-is-layout-flow\">\n<p class=\"image-text-block__text\">Celem szkolenia jest przedstawienie przede wszystkim aspekt\u00f3w praktycznych&nbsp;zwi\u0105zanych z omawian\u0105 tematyk\u0105 w aspekcie prawa polskiego, niemieckiego i europejskiego, jak r\u00f3wnie\u017c prawa podatkowego i ubezpiecze\u0144 spo\u0142ecznych. Z uwagi na zainteresowanie naszymi szkoleniami przez pracownik\u00f3w dzia\u0142\u00f3w kadr i ksi\u0119gowo\u015bci, rozbudowali\u015bmy modu\u0142 ksi\u0119gowy i kadrowy o zagadnienia rozlicze\u0144 p\u0142ac tak\u017ce w uj\u0119ciu niemieckim, co uwzgl\u0119dnia coraz wi\u0119ksze zainteresowanie firm zatrudnianiem pracownik\u00f3w w Niemczech. Szkolenie mo\u017ce mie\u0107 charakter otwarty, jak i zamkni\u0119ty, kt\u00f3ry uwzgl\u0119dnia specyfik\u0119 danej firmy &nbsp;i prowadzonej przez ni\u0105 na terytorium Niemiec dzia\u0142alno\u015bci.<\/p>\n<\/div>\n\n\n\n<div class=\"wp-block-column is-layout-flow wp-block-column-is-layout-flow\">\n<figure class=\"wp-block-image image-text-block__image image-text-block__image--narrow\"><img loading=\"lazy\" decoding=\"async\" width=\"444\" height=\"551\" src=\"https:\/\/blulegal.com\/wp-content\/uploads\/2019\/11\/bigstock-Businessman-And-Male-Lawyer-Or-244150996-min-444x551.jpg\" alt=\"\" class=\"wp-image-170\"\/><\/figure>\n<\/div>\n<\/div>\n\n\n\n<h3 class=\"wp-block-heading\">Program szkolenia z delegowania pracownik\u00f3w<\/h3>\n\n\n\n<p class=\"column-text\"><strong>I. Zatrudnianie pracownik\u00f3w na terytorium Niemiec a klasyczne oddelegowanie. Om\u00f3wienie modeli zatrudnienia.<\/strong><\/p>\n\n\n\n<ul class=\"column-text wp-block-list\">\n<li>Wst\u0119p: dlaczego pracodawcy coraz cz\u0119\u015bciej rezygnuj\u0105 z klasycznego delegowania pracownik\u00f3w na rzecz ich zatrudniania w Niemczech. Jakie aspekty prawne i finansowe decyduj\u0105 o op\u0142acalno\u015bci takiej decyzji:<\/li>\n\n\n\n<li>aspekty prawne (dlaczego stosowanie prawa pracy w transgranicznym zatrudnieniu i oddelegowaniu przysparza trudno\u015bci, czy \u201elepiej\u201c zdecydowa\u0107 si\u0119 na wyb\u00f3r jednego prawa pracy jako w\u0142a\u015bciwego dla umowy o prac\u0119 z pracownikiem);<\/li>\n\n\n\n<li>koszt zatrudnienia pracownika na terytorium Niemiec (sk\u0142adki na ubezpieczenie spo\u0142eczne pracownik\u00f3w oraz stawki podatkowe w Niemczech, przyk\u0142adowe rozliczenia p\u0142ac wed\u0142ug prawa niemieckiego, koszt zatrudnienia pracownika w Niemczech oraz w Polsce w uj\u0119ciu por\u00f3wnawczym (na wybranych przyk\u0142adach) oraz w Polsce (por\u00f3wnanie);<\/li>\n\n\n\n<li>rozliczanie sk\u0142adnik\u00f3w p\u0142ac pracownik\u00f3w delegowanych na niemieckich listach p\u0142ac (premie, dodatki z tytu\u0142u oddelegowania, nocleg, wy\u017cywienie \u2013 uj\u0119cie podatkowe i ksi\u0119gowe z perspektywy prawa polskiego i niemieckiego \u2013 na wybranych przyk\u0142adach<\/li>\n\n\n\n<li>uj\u0119cie zagranicznych dochod\u00f3w pracownika w zeznaniu rocznym;<\/li>\n\n\n\n<li>kiedy warto, a kiedy nale\u017cy utworzy\u0107 zak\u0142ad na terytorium Niemiec;<\/li>\n\n\n\n<li>korzy\u015bci i wady wynikaj\u0105ce z klasycznego delegowania pracownik\u00f3w w por\u00f3wnaniu z zatrudnieniem pracownik\u00f3w na podstawie umowy o prac\u0119 w Niemczech (finansowe oraz prawne);<\/li>\n<\/ul>\n\n\n\n<p class=\"column-text\"><strong>II. &nbsp;Warunki pracy i p\u0142acy pracownik\u00f3w na terytorium Niemiec:<\/strong><\/p>\n\n\n\n<ul class=\"column-text wp-block-list\">\n<li>p\u0142aca minimalna pracownik\u00f3w z uwzgl\u0119dnieniem przepis\u00f3w niemieckiej ustawy o p\u0142acy minimalnej (MiLoG), niemieckiej ustawy o delegowaniu pracownik\u00f3w (AEntG) oraz uk\u0142ad\u00f3w zbiorowych (TV) obowi\u0105zuj\u0105cych na terytorium Niemiec;<\/li>\n\n\n\n<li>badania lekarskie i szkolenia z zakresu bhp dla pracownik\u00f3w delegowanych na terytorium Niemiec (zasady);<\/li>\n\n\n\n<li>czas pracy i urlop pracownik\u00f3w delegowanych do pracy na terytorium Niemiec<\/li>\n\n\n\n<li>zasady wykonywania obowi\u0105zk\u00f3w zg\u0142oszeniowych na terytorium Niemiec: konieczno\u015b\u0107 zg\u0142oszenia pracownik\u00f3w w niemieckim urz\u0119dzie celnym tylko dla okre\u015blonych bran\u017c (om\u00f3wienie);<\/li>\n\n\n\n<li>obowi\u0105zki zg\u0142oszeniowe: spos\u00f3b wykonywania obowi\u0105zk\u00f3w zg\u0142oszeniowych (jak za\u0142o\u017cy\u0107 konto pracodawcy na portalu www.meldeportal-mindestlohn.de oraz zg\u0142osi\u0107 pracownik\u00f3w, pokazanie procedury rejestracji na przyk\u0142adzie);<\/li>\n\n\n\n<li>Soka \u2013 Bau: obowi\u0105zki pracodawcy wobec kasy socjalnej Soka \u2013 Bau, jak ustali\u0107 obowi\u0105zek podlegania pod Soka \u2013 Bau i dokona\u0107 prawid\u0142owej kwalifikacji dzia\u0142alno\u015bci pracodawcy do bran\u017cy budowlanej, jak komunikowa\u0107 si\u0119 z Soka \u2013 Bau i na co nale\u017cy zwr\u00f3ci\u0107 uwag\u0119, aby unikn\u0105\u0107 niepotrzebnego p\u0142acenia sk\u0142adek na Soka \u2013 Bau, ustalanie proporcji pracownik\u00f3w wykwalifikowanych i niewykwalifikowanych, miesi\u0119czne raporty, zg\u0142oszenia, ustalanie wysoko\u015bci sk\u0142adek);<\/li>\n<\/ul>\n\n\n\n<p class=\"column-text\"><strong>III. Klasyczne oddelegowanie pracownika i podr\u00f3\u017c s\u0142u\u017cbowa<\/strong><\/p>\n\n\n\n<ul class=\"column-text wp-block-list\">\n<li>delegowanie a podr\u00f3\u017c s\u0142u\u017cbowa, kiedy i w jakim zakresie mo\u017cna stosowa\u0107 zasady dotycz\u0105ce podr\u00f3\u017cy s\u0142u\u017cbowej dla pracownik\u00f3w wykonuj\u0105cych prac\u0119 na terytorium Niemiec;<\/li>\n\n\n\n<li>zasady uzyskiwania za\u015bwiadcze\u0144 A1 dla pracownika oddelegowanego. Wyja\u015bnienie podstaw prawnych, obowi\u0105zk\u00f3w zwi\u0105zanych z kompletowaniem dokumentacji (ewidencje, harmonogramy), art. 12 i 13 rozporz\u0105dzenia (WE) nr 883\/2004;<\/li>\n\n\n\n<li>praktyka kontrolna PIP, ZUS oraz niemieckiego urz\u0119du celnego wobec firm deleguj\u0105cych pracownik\u00f3w do pracy w Niemczech w kontek\u015bcie za\u015bwiadcze\u0144 A1 i ustalania podstawy wymiaru sk\u0142adek pracownik\u00f3w delegowanych;<\/li>\n\n\n\n<li>podstawa wymiaru sk\u0142adek dla pracownik\u00f3w delegowanych do Niemiec w \u015bwietle nowelizacji \u201e<em>punktu 16<\/em>\u201c rozporz\u0105dzenia w sprawie szczeg\u00f3\u0142owych zasad ustalania podstawy wymiaru sk\u0142adek na ubezpieczenia emerytalne i rentowe oraz interpretacji podatkowych oraz wyrok\u00f3w s\u0105dowych wydanych na podstawie nowych przepis\u00f3w;<\/li>\n\n\n\n<li>modu\u0142 fakultatywny dla korporacji: model \u201edelegowania\u201c i \u201epodr\u00f3\u017cy s\u0142u\u017cbowej\u201c w korporacjach (opcja dla korporacji, w kt\u00f3rych pracownicy kilku dzia\u0142\u00f3w jednej firmy decyduj\u0105 o realizacji zagranicznego kontraktu w ramach oddelegowania pracownik\u00f3w lub skierowania ich w \u201epodr\u00f3\u017c s\u0142u\u017cbow\u0105\u201c, opracowanie kryteri\u00f3w pomocniczych z uwzgl\u0119dnieniem specyfiki firmy);<\/li>\n<\/ul>\n\n\n\n<p class=\"column-text\"><strong>IV. &nbsp;Delegowanie obywateli Ukrainy na terytorium Niemiec<\/strong><\/p>\n\n\n\n<ul class=\"column-text wp-block-list\">\n<li>wymagania formalne zwi\u0105zane z mo\u017cliwo\u015bci\u0105 delegowania obywateli Ukrainy na terytorium Niemiec;<\/li>\n\n\n\n<li>praktyka kontrolna niemieckiego urz\u0119du celnego (<em>Zollamt<\/em>) odno\u015bnie pracownik\u00f3w deleguj\u0105cych pracownik\u00f3w do Niemiec;<\/li>\n\n\n\n<li>odpowiedzialno\u015b\u0107 pracodawcy z tytu\u0142u nielegalnego delegowania pracownik\u00f3w z Ukrainy do Niemiec (om\u00f3wienie procedur i kar dla pracownika i pracodawcy w \u015bwietle  niemieckiej ustawy socjalnej, ustawy o przeciwdzia\u0142aniu pracy na czarno  oraz ustawy o prawie pobytu);<\/li>\n\n\n\n<li>delegowanie Ukrai\u0144c\u00f3w do Niemiec w ramach pracy tymczasowej (<em>Arbeitnehmer\u00fcberlassung<\/em>).<\/li>\n<\/ul>\n\n\n\n<p class=\"column-text\"><strong>V.&nbsp;Rozliczenia podatkowe pracownik\u00f3w delegowanych \/rezydencja podatkowa<\/strong><\/p>\n\n\n\n<ul class=\"column-text wp-block-list\">\n<li>rozliczenia podatkowe pracownik\u00f3w delegowanych za granic\u0119 (zasady ustalania rezydencji podatkowej pracownik\u00f3w\/zleceniobiorc\u00f3w oddelegowanych do pracy za granic\u0119, wsp\u00f3\u0142praca z zagranicznym biurem ksi\u0119gowym w razie konieczno\u015bci op\u0142acania podatk\u00f3w za granic\u0105; zwolnienie podatkowe a wynagrodzenie pracownika oddelegowanego; optymalizacja koszt\u00f3w delegowania pracownik\u00f3w\/zleceniobiorc\u00f3w);<\/li>\n\n\n\n<li>zak\u0142ad podatkowy w Niemczech w uj\u0119ciu podatku dochodowego oraz podatku VAT,<\/li>\n\n\n\n<li>praktyka niemieckich urz\u0119d\u00f3w skarbowych w zakresie dotycz\u0105cym powstania zak\u0142adu podatkowego na terytorium Niemiec;<\/li>\n<\/ul>\n\n\n\n<p class=\"column-text\"><strong>VI. Dzia\u0142alno\u015b\u0107 agencji pracy tymczasowej na terytorium Niemiec (modu\u0142 fakultatywny dla agencji pracy)<\/strong><\/p>\n\n\n\n<ul class=\"column-text wp-block-list\">\n<li>kiedy dzia\u0142alno\u015b\u0107 firmy ma charakter pracy tymczasowej na terytorium Niemiec (<em>Arbeitnehmer\u00fcberlassung<\/em>);<\/li>\n\n\n\n<li>na co nale\u017cy zwr\u00f3ci\u0107 w kontek\u015bcie um\u00f3w zawieranych z niemieckimi kontrahentami w celu unikni\u0119cia zarzutu \u015bwiadczenia us\u0142ugi pracy tymczasowej bez wymaganego zezwolenia w Niemczech;<\/li>\n\n\n\n<li>wymogi formalne uzyskania w Niemczech zezwolenia na prowadzenia agencji pracy tymczasowej.<\/li>\n<\/ul>\n\n\n\n<p class=\"column-text\">Szkolenie nie jest adresowane do firm deleguj\u0105cych opiekunki do Niemiec. Firmy zainteresowane szkoleniem\/doradztwem z niniejszej tematyki zapraszamy do kontaktu bezpo\u015brednio z Kancelari\u0105.<\/p>\n\n\n\n<h3 class=\"wp-block-heading\">Informacje organizacyjne<\/h3>\n\n\n\n<div class=\"wp-block-columns has-2-columns image-text-block image-text-block--narrow image-left is-layout-flex wp-container-core-columns-is-layout-9d6595d7 wp-block-columns-is-layout-flex\">\n<div class=\"wp-block-column is-layout-flow wp-block-column-is-layout-flow\">\n<figure class=\"wp-block-image image-text-block__image image-text-block__image--narrow image-left\"><img loading=\"lazy\" decoding=\"async\" width=\"444\" height=\"551\" src=\"https:\/\/blulegal.com\/wp-content\/uploads\/2019\/11\/bigstock-Good-Service-Cooperation-Cons-282815557-444x551.jpg\" alt=\"\" class=\"wp-image-253\"\/><\/figure>\n<\/div>\n\n\n\n<div class=\"wp-block-column is-layout-flow wp-block-column-is-layout-flow\">\n<p class=\"image-text-block__text\"><strong>Prowadz\u0105ca:<\/strong>&nbsp;dr Katarzyna Styrna-Bartman<br>LL. M., Radca prawny<br><br><strong>Koszt szkolenia:<\/strong>&nbsp;950,00 z\u0142 + VAT <br>W cenie szkolenia uwzgl\u0119dnione zosta\u0142y tak\u017ce materia\u0142y szkoleniowe, przerwy kawowe oraz certyfikat uko\u0144czenia szkolenia.<br><br><strong>Termin szkolenia:<\/strong> 06.05.2024 r., 08.05.2024 r.,13.05.2024 r.  godz. 9:00-15:00<br><br><strong>Miejsce:<\/strong>&nbsp;Wroc\u0142aw, ul. Bia\u0142owieska 65\/5, Wroc\u0142aw lub online<br><br><strong>Certyfikat:<\/strong>&nbsp;<a href=\"https:\/\/blulegal.com\/wp-content\/uploads\/2024\/08\/240802_CERTYFIKAT_wzor.pdf\" target=\"_blank\" style=\"color: #06070e;\" rel=\"noopener\">&nbsp;Pobierz wz\u00f3r certyfikatu<\/a><\/p>\n\n\n\n<p>Szkolenie mo\u017ce mie\u0107 charakter otwarty, jak i zamkni\u0119ty, kt\u00f3ry uwzgl\u0119dnia  specyfik\u0119 danej firmy &nbsp;i prowadzonej przez ni\u0105 na terytorium Niemiec  dzia\u0142alno\u015bci. <br><br>Zg\u0142osze\u0144 mo\u017cna dokonywa\u0107 mailowo na adres: biuro@blulegal.com lub telefonicznie: 71 307 21 05 <\/p>\n\n\n\n<p class=\"image-text-block__text\"><br><br><\/p>\n<\/div>\n<\/div>\n","protected":false},"excerpt":{"rendered":"<p>Szkolenie Po przerwie zapraszamy Pa\u0144stwa na szkolenie w nowej edycji \u201eZatrudnienie i delegowanie pracownik\u00f3w &#8211;<\/p>\n","protected":false},"author":3,"featured_media":253,"parent":62,"menu_order":0,"comment_status":"closed","ping_status":"closed","template":"page-tpl-sidebar.php","meta":{"_acf_changed":false,"footnotes":""},"class_list":["post-63","page","type-page","status-publish","has-post-thumbnail","hentry"],"acf":[],"yoast_head":"<!-- This site is optimized with the Yoast SEO plugin v27.2 - https:\/\/yoast.com\/product\/yoast-seo-wordpress\/ -->\n<title>Szkolenie z delegowania pracownik\u00f3w &#8226; Blulegal<\/title>\n<meta name=\"description\" content=\"Szkolenie z delegowania pracownik\u00f3w \u2013 oferujemy profesjonalne doradztwo w zakresie prawa polsko-niemieckiego dla firm i os\u00f3b fizycznych. Sprawd\u017a ofert\u0119!\" \/>\n<meta name=\"robots\" content=\"index, follow, max-snippet:-1, max-image-preview:large, max-video-preview:-1\" \/>\n<link rel=\"canonical\" href=\"https:\/\/blulegal.com\/en\/szkolenia\/delegowanie-pracownikow-2\/\" \/>\n<meta property=\"og:locale\" content=\"en_US\" \/>\n<meta property=\"og:type\" content=\"article\" \/>\n<meta property=\"og:title\" content=\"Szkolenie z delegowania pracownik\u00f3w &#8226; Blulegal\" \/>\n<meta property=\"og:description\" content=\"Szkolenie z delegowania pracownik\u00f3w \u2013 oferujemy profesjonalne doradztwo w zakresie prawa polsko-niemieckiego dla firm i os\u00f3b fizycznych. Sprawd\u017a ofert\u0119!\" \/>\n<meta property=\"og:url\" content=\"https:\/\/blulegal.com\/en\/szkolenia\/delegowanie-pracownikow-2\/\" \/>\n<meta property=\"og:site_name\" content=\"Blulegal\" \/>\n<meta property=\"article:modified_time\" content=\"2024-08-08T07:08:37+00:00\" \/>\n<meta property=\"og:image\" content=\"https:\/\/blulegal.com\/wp-content\/uploads\/2019\/11\/bigstock-Good-Service-Cooperation-Cons-282815557.jpg\" \/>\n\t<meta property=\"og:image:width\" content=\"4261\" \/>\n\t<meta property=\"og:image:height\" content=\"2841\" \/>\n\t<meta property=\"og:image:type\" content=\"image\/jpeg\" \/>\n<meta name=\"twitter:card\" content=\"summary_large_image\" \/>\n<meta name=\"twitter:label1\" content=\"Est. reading time\" \/>\n\t<meta name=\"twitter:data1\" content=\"6 minutes\" \/>\n<script type=\"application\/ld+json\" class=\"yoast-schema-graph\">{\"@context\":\"https:\/\/schema.org\",\"@graph\":[{\"@type\":\"WebPage\",\"@id\":\"https:\/\/blulegal.com\/en\/szkolenia\/delegowanie-pracownikow-2\/\",\"url\":\"https:\/\/blulegal.com\/en\/szkolenia\/delegowanie-pracownikow-2\/\",\"name\":\"Szkolenie z delegowania pracownik\u00f3w &#8226; Blulegal\",\"isPartOf\":{\"@id\":\"https:\/\/blulegal.com\/en\/#website\"},\"primaryImageOfPage\":{\"@id\":\"https:\/\/blulegal.com\/en\/szkolenia\/delegowanie-pracownikow-2\/#primaryimage\"},\"image\":{\"@id\":\"https:\/\/blulegal.com\/en\/szkolenia\/delegowanie-pracownikow-2\/#primaryimage\"},\"thumbnailUrl\":\"https:\/\/blulegal.com\/wp-content\/uploads\/2019\/11\/bigstock-Good-Service-Cooperation-Cons-282815557.jpg\",\"datePublished\":\"2019-11-26T11:40:51+00:00\",\"dateModified\":\"2024-08-08T07:08:37+00:00\",\"description\":\"Szkolenie z delegowania pracownik\u00f3w \u2013 oferujemy profesjonalne doradztwo w zakresie prawa polsko-niemieckiego dla firm i os\u00f3b fizycznych. Sprawd\u017a ofert\u0119!\",\"breadcrumb\":{\"@id\":\"https:\/\/blulegal.com\/en\/szkolenia\/delegowanie-pracownikow-2\/#breadcrumb\"},\"inLanguage\":\"en-US\",\"potentialAction\":[{\"@type\":\"ReadAction\",\"target\":[\"https:\/\/blulegal.com\/en\/szkolenia\/delegowanie-pracownikow-2\/\"]}]},{\"@type\":\"ImageObject\",\"inLanguage\":\"en-US\",\"@id\":\"https:\/\/blulegal.com\/en\/szkolenia\/delegowanie-pracownikow-2\/#primaryimage\",\"url\":\"https:\/\/blulegal.com\/wp-content\/uploads\/2019\/11\/bigstock-Good-Service-Cooperation-Cons-282815557.jpg\",\"contentUrl\":\"https:\/\/blulegal.com\/wp-content\/uploads\/2019\/11\/bigstock-Good-Service-Cooperation-Cons-282815557.jpg\",\"width\":4261,\"height\":2841},{\"@type\":\"BreadcrumbList\",\"@id\":\"https:\/\/blulegal.com\/en\/szkolenia\/delegowanie-pracownikow-2\/#breadcrumb\",\"itemListElement\":[{\"@type\":\"ListItem\",\"position\":1,\"name\":\"Home\",\"item\":\"https:\/\/blulegal.com\/en\/\"},{\"@type\":\"ListItem\",\"position\":2,\"name\":\"Szkolenia\",\"item\":\"https:\/\/blulegal.com\/en\/szkolenia\/\"},{\"@type\":\"ListItem\",\"position\":3,\"name\":\"Szkolenie z delegowania pracownik\u00f3w\"}]},{\"@type\":\"WebSite\",\"@id\":\"https:\/\/blulegal.com\/en\/#website\",\"url\":\"https:\/\/blulegal.com\/en\/\",\"name\":\"Blulegal\",\"description\":\"Radcowie prawni\",\"publisher\":{\"@id\":\"https:\/\/blulegal.com\/en\/#organization\"},\"potentialAction\":[{\"@type\":\"SearchAction\",\"target\":{\"@type\":\"EntryPoint\",\"urlTemplate\":\"https:\/\/blulegal.com\/en\/?s={search_term_string}\"},\"query-input\":{\"@type\":\"PropertyValueSpecification\",\"valueRequired\":true,\"valueName\":\"search_term_string\"}}],\"inLanguage\":\"en-US\"},{\"@type\":\"Organization\",\"@id\":\"https:\/\/blulegal.com\/en\/#organization\",\"name\":\"Blu Legal\",\"url\":\"https:\/\/blulegal.com\/en\/\",\"logo\":{\"@type\":\"ImageObject\",\"inLanguage\":\"en-US\",\"@id\":\"https:\/\/blulegal.com\/en\/#\/schema\/logo\/image\/\",\"url\":\"https:\/\/blulegal.com\/wp-content\/uploads\/2023\/05\/logo-blu.png\",\"contentUrl\":\"https:\/\/blulegal.com\/wp-content\/uploads\/2023\/05\/logo-blu.png\",\"width\":225,\"height\":116,\"caption\":\"Blu Legal\"},\"image\":{\"@id\":\"https:\/\/blulegal.com\/en\/#\/schema\/logo\/image\/\"}}]}<\/script>\n<!-- \/ Yoast SEO plugin. -->","yoast_head_json":{"title":"Szkolenie z delegowania pracownik\u00f3w &#8226; Blulegal","description":"Szkolenie z delegowania pracownik\u00f3w \u2013 oferujemy profesjonalne doradztwo w zakresie prawa polsko-niemieckiego dla firm i os\u00f3b fizycznych. Sprawd\u017a ofert\u0119!","robots":{"index":"index","follow":"follow","max-snippet":"max-snippet:-1","max-image-preview":"max-image-preview:large","max-video-preview":"max-video-preview:-1"},"canonical":"https:\/\/blulegal.com\/en\/szkolenia\/delegowanie-pracownikow-2\/","og_locale":"en_US","og_type":"article","og_title":"Szkolenie z delegowania pracownik\u00f3w &#8226; Blulegal","og_description":"Szkolenie z delegowania pracownik\u00f3w \u2013 oferujemy profesjonalne doradztwo w zakresie prawa polsko-niemieckiego dla firm i os\u00f3b fizycznych. Sprawd\u017a ofert\u0119!","og_url":"https:\/\/blulegal.com\/en\/szkolenia\/delegowanie-pracownikow-2\/","og_site_name":"Blulegal","article_modified_time":"2024-08-08T07:08:37+00:00","og_image":[{"width":4261,"height":2841,"url":"https:\/\/blulegal.com\/wp-content\/uploads\/2019\/11\/bigstock-Good-Service-Cooperation-Cons-282815557.jpg","type":"image\/jpeg"}],"twitter_card":"summary_large_image","twitter_misc":{"Est. reading time":"6 minutes"},"schema":{"@context":"https:\/\/schema.org","@graph":[{"@type":"WebPage","@id":"https:\/\/blulegal.com\/en\/szkolenia\/delegowanie-pracownikow-2\/","url":"https:\/\/blulegal.com\/en\/szkolenia\/delegowanie-pracownikow-2\/","name":"Szkolenie z delegowania pracownik\u00f3w &#8226; Blulegal","isPartOf":{"@id":"https:\/\/blulegal.com\/en\/#website"},"primaryImageOfPage":{"@id":"https:\/\/blulegal.com\/en\/szkolenia\/delegowanie-pracownikow-2\/#primaryimage"},"image":{"@id":"https:\/\/blulegal.com\/en\/szkolenia\/delegowanie-pracownikow-2\/#primaryimage"},"thumbnailUrl":"https:\/\/blulegal.com\/wp-content\/uploads\/2019\/11\/bigstock-Good-Service-Cooperation-Cons-282815557.jpg","datePublished":"2019-11-26T11:40:51+00:00","dateModified":"2024-08-08T07:08:37+00:00","description":"Szkolenie z delegowania pracownik\u00f3w \u2013 oferujemy profesjonalne doradztwo w zakresie prawa polsko-niemieckiego dla firm i os\u00f3b fizycznych. Sprawd\u017a ofert\u0119!","breadcrumb":{"@id":"https:\/\/blulegal.com\/en\/szkolenia\/delegowanie-pracownikow-2\/#breadcrumb"},"inLanguage":"en-US","potentialAction":[{"@type":"ReadAction","target":["https:\/\/blulegal.com\/en\/szkolenia\/delegowanie-pracownikow-2\/"]}]},{"@type":"ImageObject","inLanguage":"en-US","@id":"https:\/\/blulegal.com\/en\/szkolenia\/delegowanie-pracownikow-2\/#primaryimage","url":"https:\/\/blulegal.com\/wp-content\/uploads\/2019\/11\/bigstock-Good-Service-Cooperation-Cons-282815557.jpg","contentUrl":"https:\/\/blulegal.com\/wp-content\/uploads\/2019\/11\/bigstock-Good-Service-Cooperation-Cons-282815557.jpg","width":4261,"height":2841},{"@type":"BreadcrumbList","@id":"https:\/\/blulegal.com\/en\/szkolenia\/delegowanie-pracownikow-2\/#breadcrumb","itemListElement":[{"@type":"ListItem","position":1,"name":"Home","item":"https:\/\/blulegal.com\/en\/"},{"@type":"ListItem","position":2,"name":"Szkolenia","item":"https:\/\/blulegal.com\/en\/szkolenia\/"},{"@type":"ListItem","position":3,"name":"Szkolenie z delegowania pracownik\u00f3w"}]},{"@type":"WebSite","@id":"https:\/\/blulegal.com\/en\/#website","url":"https:\/\/blulegal.com\/en\/","name":"Blulegal","description":"Radcowie prawni","publisher":{"@id":"https:\/\/blulegal.com\/en\/#organization"},"potentialAction":[{"@type":"SearchAction","target":{"@type":"EntryPoint","urlTemplate":"https:\/\/blulegal.com\/en\/?s={search_term_string}"},"query-input":{"@type":"PropertyValueSpecification","valueRequired":true,"valueName":"search_term_string"}}],"inLanguage":"en-US"},{"@type":"Organization","@id":"https:\/\/blulegal.com\/en\/#organization","name":"Blu Legal","url":"https:\/\/blulegal.com\/en\/","logo":{"@type":"ImageObject","inLanguage":"en-US","@id":"https:\/\/blulegal.com\/en\/#\/schema\/logo\/image\/","url":"https:\/\/blulegal.com\/wp-content\/uploads\/2023\/05\/logo-blu.png","contentUrl":"https:\/\/blulegal.com\/wp-content\/uploads\/2023\/05\/logo-blu.png","width":225,"height":116,"caption":"Blu Legal"},"image":{"@id":"https:\/\/blulegal.com\/en\/#\/schema\/logo\/image\/"}}]}},"_links":{"self":[{"href":"https:\/\/blulegal.com\/en\/wp-json\/wp\/v2\/pages\/63","targetHints":{"allow":["GET"]}}],"collection":[{"href":"https:\/\/blulegal.com\/en\/wp-json\/wp\/v2\/pages"}],"about":[{"href":"https:\/\/blulegal.com\/en\/wp-json\/wp\/v2\/types\/page"}],"author":[{"embeddable":true,"href":"https:\/\/blulegal.com\/en\/wp-json\/wp\/v2\/users\/3"}],"replies":[{"embeddable":true,"href":"https:\/\/blulegal.com\/en\/wp-json\/wp\/v2\/comments?post=63"}],"version-history":[{"count":13,"href":"https:\/\/blulegal.com\/en\/wp-json\/wp\/v2\/pages\/63\/revisions"}],"predecessor-version":[{"id":3438,"href":"https:\/\/blulegal.com\/en\/wp-json\/wp\/v2\/pages\/63\/revisions\/3438"}],"up":[{"embeddable":true,"href":"https:\/\/blulegal.com\/en\/wp-json\/wp\/v2\/pages\/62"}],"wp:featuredmedia":[{"embeddable":true,"href":"https:\/\/blulegal.com\/en\/wp-json\/wp\/v2\/media\/253"}],"wp:attachment":[{"href":"https:\/\/blulegal.com\/en\/wp-json\/wp\/v2\/media?parent=63"}],"curies":[{"name":"wp","href":"https:\/\/api.w.org\/{rel}","templated":true}]}}